{"id":813,"date":"2018-07-19T16:01:51","date_gmt":"2018-07-19T15:01:51","guid":{"rendered":"https:\/\/www.japan-touch.com\/toulouse\/?page_id=813"},"modified":"2025-07-26T14:11:55","modified_gmt":"2025-07-26T13:11:55","slug":"japan-touch-a-toulouse-le-8-et-9-septembre-2018","status":"publish","type":"page","link":"https:\/\/www.japan-touch.com\/toulouse\/","title":{"rendered":"Japan Touch \u00e0 Toulouse les 6 et 7 septembre 2025"},"content":{"rendered":"<p>[et_pb_section fb_built=\u00a0\u00bb1&Prime; admin_label=\u00a0\u00bbsection\u00a0\u00bb _builder_version=\u00a0\u00bb4.16&Prime; global_colors_info=\u00a0\u00bb{}\u00a0\u00bb][et_pb_row column_structure=\u00a0\u00bb3_5,2_5&Prime; admin_label=\u00a0\u00bbrow\u00a0\u00bb _builder_version=\u00a0\u00bb4.16&Prime; background_size=\u00a0\u00bbinitial\u00a0\u00bb background_position=\u00a0\u00bbtop_left\u00a0\u00bb background_repeat=\u00a0\u00bbrepeat\u00a0\u00bb global_colors_info=\u00a0\u00bb{}\u00a0\u00bb][et_pb_column type=\u00a0\u00bb3_5&Prime; _builder_version=\u00a0\u00bb4.16&Prime; custom_padding=\u00a0\u00bb|||\u00a0\u00bb global_colors_info=\u00a0\u00bb{}\u00a0\u00bb custom_padding__hover=\u00a0\u00bb|||\u00a0\u00bb][et_pb_text admin_label=\u00a0\u00bbText\u00a0\u00bb _builder_version=\u00a0\u00bb4.24.0&Prime; background_size=\u00a0\u00bbinitial\u00a0\u00bb background_position=\u00a0\u00bbtop_left\u00a0\u00bb background_repeat=\u00a0\u00bbrepeat\u00a0\u00bb global_colors_info=\u00a0\u00bb{}\u00a0\u00bb]<\/p>\n<ul>\n<li>8e TOKYO MARKET TOULOUSE (anciennement JAPAN TOUCH TOULOUSE)<\/li>\n<\/ul>\n<h2>6 et 7 septembre 2025<\/h2>\n<h3>L&rsquo;\u00e9v\u00e9nement culture &amp; traditions japonaises<\/h3>\n<blockquote>\n<p><strong>Une touche de Japon dans la ville rose ?<\/strong><\/p>\n<\/blockquote>\n<p><span class=\"highlight one\">Le Tokyo Market Toulouse est un \u00e9v\u00e9nement plein air s&rsquo;inspirant des Matsuri, f\u00eates populaires traditionnelles japonaises.<\/span><\/p>\n<p>Avec un village de<strong> jeunes cr\u00e9ateurs de mode japonaise<\/strong> (v\u00eatements, accessoires &amp; bijoux),\u00a0<strong>illustrateurs et artisans d\u2019art et d\u2019objets d\u00e9co <\/strong>et\u00a0des <strong>ateliers traditionnels japonais<\/strong>\u00a0(art floral, bonsa\u00ef, arts martiaux, shiatsu, cuisine, dessin manga, origami, calligraphie, \u2026).\u00a0Et, dans le pavillon du jardin japonais des c\u00e9r\u00e9monies du <strong>th\u00e9<\/strong> et de <strong>calligraphie<\/strong>.<\/p>\n<p>&nbsp;<\/p>\n<p>[\/et_pb_text][et_pb_countdown_timer title=\u00a0\u00bbLe Tokyo Market d\u00e9bute dans \u00a0\u00bb date_time=\u00a0\u00bb2025-09-06 09:00&Prime; _builder_version=\u00a0\u00bb4.24.0&Prime; _module_preset=\u00a0\u00bbdefault\u00a0\u00bb background_color=\u00a0\u00bb#6ebcdd\u00a0\u00bb hover_enabled=\u00a0\u00bb0&Prime; sticky_enabled=\u00a0\u00bb0&Prime;][\/et_pb_countdown_timer][dsm_blog_carousel posts_number=\u00a0\u00bb6&Prime; include_categories=\u00a0\u00bb42&Prime; use_overlay=\u00a0\u00bbon\u00a0\u00bb hover_overlay_color=\u00a0\u00bbrgba(231,123,127,0.44)\u00a0\u00bb excerpt_length=\u00a0\u00bb26&Prime; use_date=\u00a0\u00bboff\u00a0\u00bb use_author=\u00a0\u00bboff\u00a0\u00bb use_readmore=\u00a0\u00bbon\u00a0\u00bb readmore_text=\u00a0\u00bben savoir +\u00a0\u00bb slider_effect=\u00a0\u00bbcube\u00a0\u00bb columns=\u00a0\u00bb1&Prime; use_pagi=\u00a0\u00bboff\u00a0\u00bb navi_background_color=\u00a0\u00bb#e5e5e5&Prime; post_equal_height=\u00a0\u00bbon\u00a0\u00bb disabled_on=\u00a0\u00bboff|off|off\u00a0\u00bb _builder_version=\u00a0\u00bb4.16&Prime; title_font=\u00a0\u00bb|||on|on|||#e070ad|\u00a0\u00bb readmore_alignment=\u00a0\u00bbright\u00a0\u00bb border_width_all_post_box=\u00a0\u00bb1px\u00a0\u00bb global_colors_info=\u00a0\u00bb{}\u00a0\u00bb][\/dsm_blog_carousel][\/et_pb_column][et_pb_column type=\u00a0\u00bb2_5&Prime; _builder_version=\u00a0\u00bb4.16&Prime; custom_padding=\u00a0\u00bb|||\u00a0\u00bb global_colors_info=\u00a0\u00bb{}\u00a0\u00bb custom_padding__hover=\u00a0\u00bb|||\u00a0\u00bb][et_pb_image src=\u00a0\u00bbhttps:\/\/www.japan-touch.com\/toulouse\/wp-content\/uploads\/sites\/3\/2025\/06\/affiche-Tokyo-Market-Toulouse-2025.jpg\u00a0\u00bb alt=\u00a0\u00bbJapanTouch Toulouse\u00a0\u00bb title_text=\u00a0\u00bbaffiche-Tokyo-Market-Toulouse-2025&Prime; disabled_on=\u00a0\u00bboff|off|off\u00a0\u00bb _builder_version=\u00a0\u00bb4.24.0&Prime; global_colors_info=\u00a0\u00bb{}\u00a0\u00bb][\/et_pb_image][\/et_pb_column][\/et_pb_row][\/et_pb_section]<\/p>\n","protected":false},"excerpt":{"rendered":"<p>8e TOKYO MARKET TOULOUSE (anciennement JAPAN TOUCH TOULOUSE) 6 et 7 septembre 2025 L&rsquo;\u00e9v\u00e9nement culture &amp; traditions japonaises Une touche de Japon dans la ville rose ? Le Tokyo Market Toulouse est un \u00e9v\u00e9nement plein air s&rsquo;inspirant des Matsuri, f\u00eates populaires traditionnelles japonaises. Avec un village de jeunes cr\u00e9ateurs de mode japonaise (v\u00eatements, accessoires &amp; [&hellip;]<\/p>\n","protected":false},"author":1,"featured_media":0,"parent":0,"menu_order":0,"comment_status":"closed","ping_status":"closed","template":"","meta":{"_acf_changed":false,"_et_pb_use_builder":"on","_et_pb_old_content":"[vc_row css=\".vc_custom_1562073806410{margin-bottom: 0px !important;padding-bottom: 0px !important;}\"][vc_column width=\"1\/2\"][vc_column_text]\r\n<blockquote><strong>Une touche de Japon dans la ville rose ?<\/strong><\/blockquote>\r\n<span class=\"highlight one\">La <strong>Japan Touch<\/strong> Toulouse est un \u00e9v\u00e9nement plein air s'inspirant des Matsuri,\u00a0f\u00eates populaires traditionnelles japonaises.<\/span>\r\n\r\nAvec un village de<strong> jeunes cr\u00e9ateurs de mode japonaise<\/strong> (v\u00eatements, accessoires & bijoux),\u00a0<strong>illustrateurs et artisans d\u2019art et d\u2019objets d\u00e9co <\/strong>et\u00a0des <strong>ateliers traditionnels japonais<\/strong>\u00a0(art floral, bonsa\u00ef, arts martiaux, shiatsu, cuisine, dessin manga, origami, calligraphie, \u2026).\u00a0Et, dans le pavillon du jardin japonais des c\u00e9r\u00e9monies du <strong>th\u00e9<\/strong> et de <strong>calligraphie<\/strong>.\r\n\r\n[\/vc_column_text][postgallery_image data_source=\"data-9\" images_attach=\"810,911,915,897,886,846,862,808\" null=\"\" content_type=\"image\" timeout=\"3\"][\/vc_column][vc_column width=\"1\/2\"][rev_slider_vc alias=\"toulouse2\"][\/vc_column][\/vc_row][vc_row][vc_column width=\"1\/2\"][vc_column_text css=\".vc_custom_1618493632481{padding-top: 12px !important;}\"]\r\n<h5><span style=\"color: #000000;\"><span style=\"font-family: Helvetica, serif;\"><b>Mesures particuli\u00e8res Covid 19<\/b><\/span><\/span><\/h5>\r\n<p align=\"JUSTIFY\">En ces temps incertains, nous sommes ravis de vous annoncer que la 4<sup>e<\/sup> Japan Touch Toulouse aura bien lieu. Certaines animations ont \u00e9t\u00e9 annul\u00e9es, d\u2019autres am\u00e9nag\u00e9es comme la situation sanitaire l\u2019exige. Mais l\u2019essentiel est l\u00e0. Et c\u2019est bien l\u00e0 l\u2019essentiel.\r\nAfin que la f\u00eate soit belle, nous vous rappelons que Japan Touch Toulouse 2021 est un \u00e9v\u00e9nement plein-air et gratuit, et nous comptons sur vous pour <b>respecter les consignes suivantes<\/b>\u00a0:<\/p>\r\n<p align=\"JUSTIFY\">1 ) Port du <strong>masque obligatoire<\/strong> pour toute personne de 11 ans et plus dans le jardin Compans-Caffarelli et sur l\u2019ensemble de la commune de Toulouse. Le masque doit \u00eatre chang\u00e9 toutes les 4 heures et jet\u00e9 dans une poubelle.\r\n2 ) Mise \u00e0 disposition de <strong>gel hydro-alcoolique<\/strong> aux entr\u00e9es-sorties et par les exposants.\r\n3 ) Aucune table ni chaise pour s\u2019asseoir hormis les bancs du jardin\u2026 et la pelouse (<strong>10 hectares sont \u00e0 votre disposition<\/strong>, except\u00e9e celle du jardin japonais qui reste interdite).\r\n4 ) <strong>Marquage au sol<\/strong> afin de respecter le m\u00e8tre de distanciation physique entre les stands et le public afin d\u2019\u00e9viter la manipulation des articles.\r\n5 ) Mise en place d\u2019un syst\u00e8me de <strong>tickets pour la restauration afin de fluidifier<\/strong> la file d\u2019attente. Possibilit\u00e9 de commande ouverte d\u00e8s 11h avec remise d\u2019un ticket indiquant l\u2019heure \u00e0 laquelle le client r\u00e9cup\u00e9rera sa commande.<\/p>\r\n[\/vc_column_text][\/vc_column][vc_column width=\"1\/2\"][vc_column_text css=\".vc_custom_1596472160861{margin-top: 1em !important;margin-right: 1em !important;margin-bottom: 1em !important;margin-left: 1em !important;padding-top: 1em !important;padding-right: 1em !important;padding-bottom: 1em !important;padding-left: 1em !important;background-color: #e0e0e0 !important;}\"]\r\n<h4 style=\"text-align: center;\"><span style=\"color: #ff0000;\">Inscrivez vous \u00e0 notre newsletter !<\/span><\/h4>\r\n[sibwp_form id=1][\/vc_column_text][vc_single_image image=\"1448\" img_size=\"400x400\"][\/vc_column][\/vc_row]","_et_gb_content_width":"","footnotes":""},"acf":[],"yoast_head":"<!-- This site is optimized with the Yoast SEO plugin v22.3 - https:\/\/yoast.com\/wordpress\/plugins\/seo\/ -->\n<title>Japan Touch \u00e0 Toulouse les 6 et 7 septembre 2025 - JapanTouch Toulouse<\/title>\n<meta name=\"description\" content=\"La Japan Touch Toulouse est un \u00e9v\u00e9nement plein air s&#039;inspirant des Matsuri,\u00a0f\u00eates populaires traditionnelles japonaises dans le jardin Campan Caffarelli\" \/>\n<meta name=\"robots\" content=\"index, follow, max-snippet:-1, max-image-preview:large, max-video-preview:-1\" \/>\n<link rel=\"canonical\" href=\"https:\/\/www.japan-touch.com\/toulouse\/\" \/>\n<meta property=\"og:locale\" content=\"fr_FR\" \/>\n<meta property=\"og:type\" content=\"article\" \/>\n<meta property=\"og:title\" content=\"Japan Touch \u00e0 Toulouse les 6 et 7 septembre 2025 - JapanTouch Toulouse\" \/>\n<meta property=\"og:description\" content=\"La Japan Touch Toulouse est un \u00e9v\u00e9nement plein air s&#039;inspirant des Matsuri,\u00a0f\u00eates populaires traditionnelles japonaises dans le jardin Campan Caffarelli\" \/>\n<meta property=\"og:url\" content=\"https:\/\/www.japan-touch.com\/toulouse\/\" \/>\n<meta property=\"og:site_name\" content=\"JapanTouch Toulouse\" \/>\n<meta property=\"article:publisher\" content=\"https:\/\/www.facebook.com\/Asiexpo\" \/>\n<meta property=\"article:modified_time\" content=\"2025-07-26T13:11:55+00:00\" \/>\n<meta name=\"twitter:card\" content=\"summary_large_image\" \/>\n<meta name=\"twitter:site\" content=\"@asiexpo\" \/>\n<meta name=\"twitter:label1\" content=\"Dur\u00e9e de lecture estim\u00e9e\" \/>\n\t<meta name=\"twitter:data1\" content=\"3 minutes\" \/>\n<script type=\"application\/ld+json\" class=\"yoast-schema-graph\">{\"@context\":\"https:\/\/schema.org\",\"@graph\":[{\"@type\":\"WebPage\",\"@id\":\"https:\/\/www.japan-touch.com\/toulouse\/\",\"url\":\"https:\/\/www.japan-touch.com\/toulouse\/\",\"name\":\"Japan Touch \u00e0 Toulouse les 6 et 7 septembre 2025 - JapanTouch Toulouse\",\"isPartOf\":{\"@id\":\"https:\/\/www.japan-touch.com\/toulouse\/#website\"},\"datePublished\":\"2018-07-19T15:01:51+00:00\",\"dateModified\":\"2025-07-26T13:11:55+00:00\",\"description\":\"La Japan Touch Toulouse est un \u00e9v\u00e9nement plein air s'inspirant des Matsuri,\u00a0f\u00eates populaires traditionnelles japonaises dans le jardin Campan Caffarelli\",\"breadcrumb\":{\"@id\":\"https:\/\/www.japan-touch.com\/toulouse\/#breadcrumb\"},\"inLanguage\":\"fr-FR\",\"potentialAction\":[{\"@type\":\"ReadAction\",\"target\":[\"https:\/\/www.japan-touch.com\/toulouse\/\"]}]},{\"@type\":\"BreadcrumbList\",\"@id\":\"https:\/\/www.japan-touch.com\/toulouse\/#breadcrumb\",\"itemListElement\":[{\"@type\":\"ListItem\",\"position\":1,\"name\":\"Accueil\",\"item\":\"https:\/\/www.japan-touch.com\/toulouse\/\"},{\"@type\":\"ListItem\",\"position\":2,\"name\":\"Japan Touch \u00e0 Toulouse les 6 et 7 septembre 2025\"}]},{\"@type\":\"WebSite\",\"@id\":\"https:\/\/www.japan-touch.com\/toulouse\/#website\",\"url\":\"https:\/\/www.japan-touch.com\/toulouse\/\",\"name\":\"JapanTouch Toulouse\",\"description\":\"3 &amp; 4 sept. 2022\",\"potentialAction\":[{\"@type\":\"SearchAction\",\"target\":{\"@type\":\"EntryPoint\",\"urlTemplate\":\"https:\/\/www.japan-touch.com\/toulouse\/?s={search_term_string}\"},\"query-input\":\"required name=search_term_string\"}],\"inLanguage\":\"fr-FR\"}]}<\/script>\n<!-- \/ Yoast SEO plugin. -->","yoast_head_json":{"title":"Japan Touch \u00e0 Toulouse les 6 et 7 septembre 2025 - JapanTouch Toulouse","description":"La Japan Touch Toulouse est un \u00e9v\u00e9nement plein air s'inspirant des Matsuri,\u00a0f\u00eates populaires traditionnelles japonaises dans le jardin Campan Caffarelli","robots":{"index":"index","follow":"follow","max-snippet":"max-snippet:-1","max-image-preview":"max-image-preview:large","max-video-preview":"max-video-preview:-1"},"canonical":"https:\/\/www.japan-touch.com\/toulouse\/","og_locale":"fr_FR","og_type":"article","og_title":"Japan Touch \u00e0 Toulouse les 6 et 7 septembre 2025 - JapanTouch Toulouse","og_description":"La Japan Touch Toulouse est un \u00e9v\u00e9nement plein air s'inspirant des Matsuri,\u00a0f\u00eates populaires traditionnelles japonaises dans le jardin Campan Caffarelli","og_url":"https:\/\/www.japan-touch.com\/toulouse\/","og_site_name":"JapanTouch Toulouse","article_publisher":"https:\/\/www.facebook.com\/Asiexpo","article_modified_time":"2025-07-26T13:11:55+00:00","twitter_card":"summary_large_image","twitter_site":"@asiexpo","twitter_misc":{"Dur\u00e9e de lecture estim\u00e9e":"3 minutes"},"schema":{"@context":"https:\/\/schema.org","@graph":[{"@type":"WebPage","@id":"https:\/\/www.japan-touch.com\/toulouse\/","url":"https:\/\/www.japan-touch.com\/toulouse\/","name":"Japan Touch \u00e0 Toulouse les 6 et 7 septembre 2025 - JapanTouch Toulouse","isPartOf":{"@id":"https:\/\/www.japan-touch.com\/toulouse\/#website"},"datePublished":"2018-07-19T15:01:51+00:00","dateModified":"2025-07-26T13:11:55+00:00","description":"La Japan Touch Toulouse est un \u00e9v\u00e9nement plein air s'inspirant des Matsuri,\u00a0f\u00eates populaires traditionnelles japonaises dans le jardin Campan Caffarelli","breadcrumb":{"@id":"https:\/\/www.japan-touch.com\/toulouse\/#breadcrumb"},"inLanguage":"fr-FR","potentialAction":[{"@type":"ReadAction","target":["https:\/\/www.japan-touch.com\/toulouse\/"]}]},{"@type":"BreadcrumbList","@id":"https:\/\/www.japan-touch.com\/toulouse\/#breadcrumb","itemListElement":[{"@type":"ListItem","position":1,"name":"Accueil","item":"https:\/\/www.japan-touch.com\/toulouse\/"},{"@type":"ListItem","position":2,"name":"Japan Touch \u00e0 Toulouse les 6 et 7 septembre 2025"}]},{"@type":"WebSite","@id":"https:\/\/www.japan-touch.com\/toulouse\/#website","url":"https:\/\/www.japan-touch.com\/toulouse\/","name":"JapanTouch Toulouse","description":"3 &amp; 4 sept. 2022","potentialAction":[{"@type":"SearchAction","target":{"@type":"EntryPoint","urlTemplate":"https:\/\/www.japan-touch.com\/toulouse\/?s={search_term_string}"},"query-input":"required name=search_term_string"}],"inLanguage":"fr-FR"}]}},"_links":{"self":[{"href":"https:\/\/www.japan-touch.com\/toulouse\/wp-json\/wp\/v2\/pages\/813"}],"collection":[{"href":"https:\/\/www.japan-touch.com\/toulouse\/wp-json\/wp\/v2\/pages"}],"about":[{"href":"https:\/\/www.japan-touch.com\/toulouse\/wp-json\/wp\/v2\/types\/page"}],"author":[{"embeddable":true,"href":"https:\/\/www.japan-touch.com\/toulouse\/wp-json\/wp\/v2\/users\/1"}],"replies":[{"embeddable":true,"href":"https:\/\/www.japan-touch.com\/toulouse\/wp-json\/wp\/v2\/comments?post=813"}],"version-history":[{"count":66,"href":"https:\/\/www.japan-touch.com\/toulouse\/wp-json\/wp\/v2\/pages\/813\/revisions"}],"predecessor-version":[{"id":2195,"href":"https:\/\/www.japan-touch.com\/toulouse\/wp-json\/wp\/v2\/pages\/813\/revisions\/2195"}],"wp:attachment":[{"href":"https:\/\/www.japan-touch.com\/toulouse\/wp-json\/wp\/v2\/media?parent=813"}],"curies":[{"name":"wp","href":"https:\/\/api.w.org\/{rel}","templated":true}]}}