{"id":7,"date":"2021-06-06T10:05:00","date_gmt":"2021-06-06T08:05:00","guid":{"rendered":"https:\/\/www.japan-touch.com\/brest\/?page_id=7"},"modified":"2025-06-15T12:27:22","modified_gmt":"2025-06-15T10:27:22","slug":"tokyo-market-a-brest","status":"publish","type":"page","link":"https:\/\/www.japan-touch.com\/brest\/","title":{"rendered":"Tokyo Market \u00e0 BREST"},"content":{"rendered":"<p>[et_pb_section fb_built=\u00a0\u00bb1&Prime; _builder_version=\u00a0\u00bb4.16&Prime; global_colors_info=\u00a0\u00bb{}\u00a0\u00bb][et_pb_row column_structure=\u00a0\u00bb3_5,2_5&Prime; make_equal=\u00a0\u00bbon\u00a0\u00bb _builder_version=\u00a0\u00bb4.16&Prime; global_colors_info=\u00a0\u00bb{}\u00a0\u00bb][et_pb_column type=\u00a0\u00bb3_5&Prime; _builder_version=\u00a0\u00bb4.16&Prime; global_colors_info=\u00a0\u00bb{}\u00a0\u00bb][dsm_animated_gradient_text animated_gradient_text=\u00a0\u00bbTokyo Market \u00e0 BREST les 28 et 29 juin 2025&Prime; heading_html_tag=\u00a0\u00bbh1&Prime; gradient_one_color=\u00a0\u00bb#ff2e00&Prime; gradient_two_color=\u00a0\u00bb#53c1ab\u00a0\u00bb gradient_three_color=\u00a0\u00bb#41ad1d\u00a0\u00bb _builder_version=\u00a0\u00bb4.24.0&Prime; header_font=\u00a0\u00bb|600|||||||\u00a0\u00bb global_colors_info=\u00a0\u00bb{}\u00a0\u00bb][\/dsm_animated_gradient_text][et_pb_text _builder_version=\u00a0\u00bb4.16&Prime; custom_margin=\u00a0\u00bb||22px|||\u00a0\u00bb global_colors_info=\u00a0\u00bb{}\u00a0\u00bb]<\/p>\n<blockquote>\n<p style=\"text-align: justify;\"><em>\u00ab Si vous n\u2019allez pas \u00e0 Tokyo, Tokyo ira \u00e0 vous \u00bb<\/em><\/p>\n<\/blockquote>\n<p style=\"text-align: justify;\">A mi-chemin entre le matsuri et le march\u00e9 de Nakamise, haut lieu du shopping \u00e0 Tokyo, <span style=\"color: #d81e50;\"><strong>Tokyo Market<\/strong> <\/span>s\u2019installe \u00e0 Brest.<br \/>Id\u00e9alement situ\u00e9, le <strong>Cours Dajot<\/strong>, \u00e0 l\u2019ombre des platanes, en plein c\u0153ur de ville avec vue \u00e9poustouflante sur la rade de Brest, est particuli\u00e8rement bien desservi par les moyens de transports en commun, et proche de parkings.<\/p>\n<p>\u00a0<strong style=\"font-size: 14px; text-align: justify;\"><span style=\"color: #d81e50;\">Tokyo Market<\/span><\/strong><span style=\"font-size: 14px; text-align: justify;\"> est le march\u00e9 o\u00f9 se rencontrent le <\/span><strong style=\"font-size: 14px; text-align: justify;\"><span style=\"color: #d81e50;\">Tokyo Pop et Geek et le Tokyo Zen.<\/span><\/strong><\/p>\n<p>\u00a0<span style=\"font-size: 14px; text-align: justify;\">Un <\/span><strong style=\"font-size: 14px; text-align: justify;\">village de jeunes cr\u00e9ateurs et de boutiques<\/strong><span style=\"font-size: 14px; text-align: justify;\"> de mode ou d\u2019inspiration japonaise (v\u00eatements, accessoires &amp; bijoux), illustrateurs et artisans d\u2019art et d\u2019objets d\u00e9co traditionnels ou geek et d\u2019associations (japonaises, arts martiaux, bien-\u00eatre, \u2026)<\/span><\/p>\n<p><span style=\"font-size: 14px; text-align: justify;\">Un <\/span><strong style=\"font-size: 14px; text-align: justify;\">food corner<\/strong><span style=\"font-size: 14px; text-align: justify;\"> (restaurateurs &amp; traiteurs japonais)<\/span><\/p>\n<p>\u00a0<span style=\"font-size: 14px; text-align: justify;\">Des <\/span><strong style=\"font-size: 14px; text-align: justify;\">ateliers traditionnels japonais<\/strong><span style=\"font-size: 14px; text-align: justify;\"> (art floral, bonsa\u00ef, arts martiaux, shiatsu, dessin manga, origami, \u2026) et des c\u00e9r\u00e9monies du th\u00e9 et calligraphie, m\u00e9ditation zen.<\/span><\/p>\n<p><span>\u00a0<\/span><span>\u00a0<\/span><span>\u00a0<\/span><span>\u00a0<\/span><span>\u00a0<\/span><\/p>\n<p>[\/et_pb_text][dsm_animated_gradient_text animated_gradient_text=\u00a0\u00bbEntr\u00e9e Gratuite\u00a0\u00bb _builder_version=\u00a0\u00bb4.16&Prime; custom_margin=\u00a0\u00bb||40px|||\u00a0\u00bb global_colors_info=\u00a0\u00bb{}\u00a0\u00bb][\/dsm_animated_gradient_text][et_pb_post_slider posts_number=\u00a0\u00bb6&Prime; include_categories=\u00a0\u00bb10&Prime; more_text=\u00a0\u00bben savoir plus\u00a0\u00bb show_meta=\u00a0\u00bboff\u00a0\u00bb use_bg_overlay=\u00a0\u00bboff\u00a0\u00bb use_text_overlay=\u00a0\u00bbon\u00a0\u00bb text_overlay_color=\u00a0\u00bbrgba(224,20,74,0.43)\u00a0\u00bb arrows_custom_color=\u00a0\u00bb#0c71c3&Prime; dot_nav_custom_color=\u00a0\u00bb#0c71c3&Prime; disabled_on=\u00a0\u00bboff|off|off\u00a0\u00bb _builder_version=\u00a0\u00bb4.20.1&Prime; background_color=\u00a0\u00bbrgba(0,0,0,0)\u00a0\u00bb custom_button=\u00a0\u00bbon\u00a0\u00bb button_text_size=\u00a0\u00bb11px\u00a0\u00bb button_text_color=\u00a0\u00bb#ffffff\u00a0\u00bb button_bg_color=\u00a0\u00bbrgba(224,20,74,0.43)\u00a0\u00bb button_border_width=\u00a0\u00bb1px\u00a0\u00bb button_border_radius=\u00a0\u00bb0px\u00a0\u00bb button_alignment=\u00a0\u00bbright\u00a0\u00bb header_text_shadow_style=\u00a0\u00bbpreset3&Prime; body_text_shadow_style=\u00a0\u00bbpreset3&Prime; global_colors_info=\u00a0\u00bb{}\u00a0\u00bb][\/et_pb_post_slider][\/et_pb_column][et_pb_column type=\u00a0\u00bb2_5&Prime; _builder_version=\u00a0\u00bb4.16&Prime; global_colors_info=\u00a0\u00bb{}\u00a0\u00bb][et_pb_image src=\u00a0\u00bbhttp:\/\/www.japan-touch.com\/brest\/wp-content\/uploads\/sites\/13\/2025\/06\/appel-participation.jpg\u00a0\u00bb _builder_version=\u00a0\u00bb4.24.0&Prime; _module_preset=\u00a0\u00bbdefault\u00a0\u00bb title_text=\u00a0\u00bbappel-participation\u00a0\u00bb hover_enabled=\u00a0\u00bb0&Prime; sticky_enabled=\u00a0\u00bb0&Prime; show_in_lightbox=\u00a0\u00bbon\u00a0\u00bb box_shadow_style=\u00a0\u00bbpreset1&Prime; box_shadow_color=\u00a0\u00bb#0C71C3&Prime; animation_style=\u00a0\u00bbflip\u00a0\u00bb][\/et_pb_image][et_pb_image src=\u00a0\u00bbhttp:\/\/www.japan-touch.com\/brest\/wp-content\/uploads\/sites\/13\/2025\/05\/affiche-Tokyo-Market-Brest-2025-BD_page-0001-min-1.jpg\u00a0\u00bb alt=\u00a0\u00bbTokyo Market Brest 2022&Prime; title_text=\u00a0\u00bbaffiche Tokyo Market Brest 2025 BD_page-0001-min (1)\u00a0\u00bb show_in_lightbox=\u00a0\u00bbon\u00a0\u00bb _builder_version=\u00a0\u00bb4.24.0&Prime; animation_style=\u00a0\u00bbfold\u00a0\u00bb global_colors_info=\u00a0\u00bb{}\u00a0\u00bb][\/et_pb_image][\/et_pb_column][\/et_pb_row][\/et_pb_section]<\/p>\n","protected":false},"excerpt":{"rendered":"<p>A mi-chemin entre le matsuri et le march\u00e9 de Nakamise, haut lieu du shopping \u00e0 Tokyo, Tokyo Market s\u2019installe \u00e0 Brest les 28 et 29 juin 2025<\/p>\n","protected":false},"author":1,"featured_media":584,"parent":0,"menu_order":0,"comment_status":"closed","ping_status":"closed","template":"","meta":{"_acf_changed":false,"_et_pb_use_builder":"on","_et_pb_old_content":"","_et_gb_content_width":"","footnotes":""},"acf":[],"yoast_head":"<!-- This site is optimized with the Yoast SEO plugin v22.3 - https:\/\/yoast.com\/wordpress\/plugins\/seo\/ -->\n<title>Tokyo Market \u00e0 BREST - Tokyo market Brest<\/title>\n<meta name=\"description\" content=\"Tokyo Market \u00e0 BREST le 8 et 9 juillet 2023 : jeunes cr\u00e9ateurs, boutiques de mode, food corner, ateliers, c\u00e9r\u00e9monies du th\u00e9 , calligraphie ...\" \/>\n<meta name=\"robots\" content=\"index, follow, max-snippet:-1, max-image-preview:large, max-video-preview:-1\" \/>\n<link rel=\"canonical\" href=\"https:\/\/www.japan-touch.com\/brest\/\" \/>\n<meta property=\"og:locale\" content=\"fr_FR\" \/>\n<meta property=\"og:type\" content=\"article\" \/>\n<meta property=\"og:title\" content=\"Tokyo Market \u00e0 BREST - Tokyo market Brest\" \/>\n<meta property=\"og:description\" content=\"Tokyo Market \u00e0 BREST le 8 et 9 juillet 2023 : jeunes cr\u00e9ateurs, boutiques de mode, food corner, ateliers, c\u00e9r\u00e9monies du th\u00e9 , calligraphie ...\" \/>\n<meta property=\"og:url\" content=\"https:\/\/www.japan-touch.com\/brest\/\" \/>\n<meta property=\"og:site_name\" content=\"Tokyo market Brest\" \/>\n<meta property=\"article:modified_time\" content=\"2025-06-15T10:27:22+00:00\" \/>\n<meta property=\"og:image\" content=\"http:\/\/www.japan-touch.com\/brest\/wp-content\/uploads\/sites\/13\/2024\/04\/affiche-Tokyo-Market-Brest-2024.jpg\" \/>\n\t<meta property=\"og:image:width\" content=\"600\" \/>\n\t<meta property=\"og:image:height\" content=\"900\" \/>\n\t<meta property=\"og:image:type\" content=\"image\/jpeg\" \/>\n<meta name=\"twitter:card\" content=\"summary_large_image\" \/>\n<meta name=\"twitter:label1\" content=\"Dur\u00e9e de lecture estim\u00e9e\" \/>\n\t<meta name=\"twitter:data1\" content=\"2 minutes\" \/>\n<script type=\"application\/ld+json\" class=\"yoast-schema-graph\">{\"@context\":\"https:\/\/schema.org\",\"@graph\":[{\"@type\":\"WebPage\",\"@id\":\"https:\/\/www.japan-touch.com\/brest\/\",\"url\":\"https:\/\/www.japan-touch.com\/brest\/\",\"name\":\"Tokyo Market \u00e0 BREST - Tokyo market Brest\",\"isPartOf\":{\"@id\":\"https:\/\/www.japan-touch.com\/brest\/#website\"},\"primaryImageOfPage\":{\"@id\":\"https:\/\/www.japan-touch.com\/brest\/#primaryimage\"},\"image\":{\"@id\":\"https:\/\/www.japan-touch.com\/brest\/#primaryimage\"},\"thumbnailUrl\":\"https:\/\/www.japan-touch.com\/brest\/wp-content\/uploads\/sites\/13\/2024\/04\/affiche-Tokyo-Market-Brest-2024.jpg\",\"datePublished\":\"2021-06-06T08:05:00+00:00\",\"dateModified\":\"2025-06-15T10:27:22+00:00\",\"description\":\"Tokyo Market \u00e0 BREST le 8 et 9 juillet 2023 : jeunes cr\u00e9ateurs, boutiques de mode, food corner, ateliers, c\u00e9r\u00e9monies du th\u00e9 , calligraphie ...\",\"breadcrumb\":{\"@id\":\"https:\/\/www.japan-touch.com\/brest\/#breadcrumb\"},\"inLanguage\":\"fr-FR\",\"potentialAction\":[{\"@type\":\"ReadAction\",\"target\":[\"https:\/\/www.japan-touch.com\/brest\/\"]}]},{\"@type\":\"ImageObject\",\"inLanguage\":\"fr-FR\",\"@id\":\"https:\/\/www.japan-touch.com\/brest\/#primaryimage\",\"url\":\"https:\/\/www.japan-touch.com\/brest\/wp-content\/uploads\/sites\/13\/2024\/04\/affiche-Tokyo-Market-Brest-2024.jpg\",\"contentUrl\":\"https:\/\/www.japan-touch.com\/brest\/wp-content\/uploads\/sites\/13\/2024\/04\/affiche-Tokyo-Market-Brest-2024.jpg\",\"width\":600,\"height\":900},{\"@type\":\"BreadcrumbList\",\"@id\":\"https:\/\/www.japan-touch.com\/brest\/#breadcrumb\",\"itemListElement\":[{\"@type\":\"ListItem\",\"position\":1,\"name\":\"Accueil\",\"item\":\"https:\/\/www.japan-touch.com\/brest\/\"},{\"@type\":\"ListItem\",\"position\":2,\"name\":\"Tokyo Market \u00e0 BREST\"}]},{\"@type\":\"WebSite\",\"@id\":\"https:\/\/www.japan-touch.com\/brest\/#website\",\"url\":\"https:\/\/www.japan-touch.com\/brest\/\",\"name\":\"Tokyo market Brest\",\"description\":\"Japan Touch \u00e0 Brest\",\"potentialAction\":[{\"@type\":\"SearchAction\",\"target\":{\"@type\":\"EntryPoint\",\"urlTemplate\":\"https:\/\/www.japan-touch.com\/brest\/?s={search_term_string}\"},\"query-input\":\"required name=search_term_string\"}],\"inLanguage\":\"fr-FR\"}]}<\/script>\n<!-- \/ Yoast SEO plugin. -->","yoast_head_json":{"title":"Tokyo Market \u00e0 BREST - Tokyo market Brest","description":"Tokyo Market \u00e0 BREST le 8 et 9 juillet 2023 : jeunes cr\u00e9ateurs, boutiques de mode, food corner, ateliers, c\u00e9r\u00e9monies du th\u00e9 , calligraphie ...","robots":{"index":"index","follow":"follow","max-snippet":"max-snippet:-1","max-image-preview":"max-image-preview:large","max-video-preview":"max-video-preview:-1"},"canonical":"https:\/\/www.japan-touch.com\/brest\/","og_locale":"fr_FR","og_type":"article","og_title":"Tokyo Market \u00e0 BREST - Tokyo market Brest","og_description":"Tokyo Market \u00e0 BREST le 8 et 9 juillet 2023 : jeunes cr\u00e9ateurs, boutiques de mode, food corner, ateliers, c\u00e9r\u00e9monies du th\u00e9 , calligraphie ...","og_url":"https:\/\/www.japan-touch.com\/brest\/","og_site_name":"Tokyo market Brest","article_modified_time":"2025-06-15T10:27:22+00:00","og_image":[{"width":600,"height":900,"url":"http:\/\/www.japan-touch.com\/brest\/wp-content\/uploads\/sites\/13\/2024\/04\/affiche-Tokyo-Market-Brest-2024.jpg","type":"image\/jpeg"}],"twitter_card":"summary_large_image","twitter_misc":{"Dur\u00e9e de lecture estim\u00e9e":"2 minutes"},"schema":{"@context":"https:\/\/schema.org","@graph":[{"@type":"WebPage","@id":"https:\/\/www.japan-touch.com\/brest\/","url":"https:\/\/www.japan-touch.com\/brest\/","name":"Tokyo Market \u00e0 BREST - Tokyo market Brest","isPartOf":{"@id":"https:\/\/www.japan-touch.com\/brest\/#website"},"primaryImageOfPage":{"@id":"https:\/\/www.japan-touch.com\/brest\/#primaryimage"},"image":{"@id":"https:\/\/www.japan-touch.com\/brest\/#primaryimage"},"thumbnailUrl":"https:\/\/www.japan-touch.com\/brest\/wp-content\/uploads\/sites\/13\/2024\/04\/affiche-Tokyo-Market-Brest-2024.jpg","datePublished":"2021-06-06T08:05:00+00:00","dateModified":"2025-06-15T10:27:22+00:00","description":"Tokyo Market \u00e0 BREST le 8 et 9 juillet 2023 : jeunes cr\u00e9ateurs, boutiques de mode, food corner, ateliers, c\u00e9r\u00e9monies du th\u00e9 , calligraphie ...","breadcrumb":{"@id":"https:\/\/www.japan-touch.com\/brest\/#breadcrumb"},"inLanguage":"fr-FR","potentialAction":[{"@type":"ReadAction","target":["https:\/\/www.japan-touch.com\/brest\/"]}]},{"@type":"ImageObject","inLanguage":"fr-FR","@id":"https:\/\/www.japan-touch.com\/brest\/#primaryimage","url":"https:\/\/www.japan-touch.com\/brest\/wp-content\/uploads\/sites\/13\/2024\/04\/affiche-Tokyo-Market-Brest-2024.jpg","contentUrl":"https:\/\/www.japan-touch.com\/brest\/wp-content\/uploads\/sites\/13\/2024\/04\/affiche-Tokyo-Market-Brest-2024.jpg","width":600,"height":900},{"@type":"BreadcrumbList","@id":"https:\/\/www.japan-touch.com\/brest\/#breadcrumb","itemListElement":[{"@type":"ListItem","position":1,"name":"Accueil","item":"https:\/\/www.japan-touch.com\/brest\/"},{"@type":"ListItem","position":2,"name":"Tokyo Market \u00e0 BREST"}]},{"@type":"WebSite","@id":"https:\/\/www.japan-touch.com\/brest\/#website","url":"https:\/\/www.japan-touch.com\/brest\/","name":"Tokyo market Brest","description":"Japan Touch \u00e0 Brest","potentialAction":[{"@type":"SearchAction","target":{"@type":"EntryPoint","urlTemplate":"https:\/\/www.japan-touch.com\/brest\/?s={search_term_string}"},"query-input":"required name=search_term_string"}],"inLanguage":"fr-FR"}]}},"_links":{"self":[{"href":"https:\/\/www.japan-touch.com\/brest\/wp-json\/wp\/v2\/pages\/7"}],"collection":[{"href":"https:\/\/www.japan-touch.com\/brest\/wp-json\/wp\/v2\/pages"}],"about":[{"href":"https:\/\/www.japan-touch.com\/brest\/wp-json\/wp\/v2\/types\/page"}],"author":[{"embeddable":true,"href":"https:\/\/www.japan-touch.com\/brest\/wp-json\/wp\/v2\/users\/1"}],"replies":[{"embeddable":true,"href":"https:\/\/www.japan-touch.com\/brest\/wp-json\/wp\/v2\/comments?post=7"}],"version-history":[{"count":34,"href":"https:\/\/www.japan-touch.com\/brest\/wp-json\/wp\/v2\/pages\/7\/revisions"}],"predecessor-version":[{"id":718,"href":"https:\/\/www.japan-touch.com\/brest\/wp-json\/wp\/v2\/pages\/7\/revisions\/718"}],"wp:featuredmedia":[{"embeddable":true,"href":"https:\/\/www.japan-touch.com\/brest\/wp-json\/wp\/v2\/media\/584"}],"wp:attachment":[{"href":"https:\/\/www.japan-touch.com\/brest\/wp-json\/wp\/v2\/media?parent=7"}],"curies":[{"name":"wp","href":"https:\/\/api.w.org\/{rel}","templated":true}]}}